{"id":28,"date":"2020-01-21T13:18:15","date_gmt":"2020-01-21T13:18:15","guid":{"rendered":"https:\/\/zwischenraum-rheydt.de\/?page_id=28"},"modified":"2022-03-25T08:22:48","modified_gmt":"2022-03-25T08:22:48","slug":"stimmen-der-medien","status":"publish","type":"page","link":"https:\/\/zwischenraum-rheydt.de\/index.php\/stimmen-der-medien\/","title":{"rendered":"Stimmen der Medien"},"content":{"rendered":"\n<figure class=\"wp-block-image size-large\"><img loading=\"lazy\" width=\"309\" height=\"163\" src=\"https:\/\/zwischenraum-rheydt.de\/wp-content\/uploads\/2020\/04\/rp-logo.png\" alt=\"\" class=\"wp-image-659\" srcset=\"https:\/\/zwischenraum-rheydt.de\/wp-content\/uploads\/2020\/04\/rp-logo.png 309w, https:\/\/zwischenraum-rheydt.de\/wp-content\/uploads\/2020\/04\/rp-logo-300x158.png 300w\" sizes=\"(max-width: 309px) 100vw, 309px\" \/><\/figure>\n\n\n\n<blockquote class=\"wp-block-quote\"><p> Rheydt lebt ist die Devise. Und Ulrich Wateler will es mit seinem Projekt &#8222;Zwischenraum&#8220; auch beweisen ..<\/p><cite><a href=\"https:\/\/rp-online.de\/nrw\/staedte\/moenchengladbach\/moenchengladbach-wie-ulrich-wateler-in-rheydt-zwischenraum-fuellt_aid-66552679\" target=\"_blank\" rel=\"noreferrer noopener\" aria-label=\" (\u00f6ffnet in neuem Tab)\">Zum Artikel<\/a><\/cite><\/blockquote>\n\n\n\n<figure class=\"wp-block-image size-large\"><img loading=\"lazy\" width=\"674\" height=\"133\" src=\"https:\/\/zwischenraum-rheydt.de\/wp-content\/uploads\/2020\/02\/lokalbote-snip-neu-2.png\" alt=\"\" class=\"wp-image-450\" srcset=\"https:\/\/zwischenraum-rheydt.de\/wp-content\/uploads\/2020\/02\/lokalbote-snip-neu-2.png 674w, https:\/\/zwischenraum-rheydt.de\/wp-content\/uploads\/2020\/02\/lokalbote-snip-neu-2-300x59.png 300w\" sizes=\"(max-width: 674px) 100vw, 674px\" \/><\/figure>\n\n\n\n<blockquote class=\"wp-block-quote\"><p>&#8230; Aber 2022 ist ein entscheidendes Jahr f\u00fcr die Zukunft des Projektes !!! Der ZWISCHENRAUM RHEYDT braucht Hilfe, die hohen Kosten f\u00fcr den Betrieb der Lokation zu stemmen. Der Zwischenraum wird daher im Laufe des Jahres mittels einer Crowdfunding-Kampagne um finanzielle Unterst\u00fctzung bitten.  &#8230; <\/p><cite><a href=\"https:\/\/www.der-lokalbote.de\/index.php?id=43&amp;tx_ttnews%5Btt_news%5D=7399&amp;cHash=1191222a9efe99c6b707c9d128117d2b\">Zum<\/a><a rel=\"noreferrer noopener\" aria-label=\" (\u00f6ffnet in neuem Tab)\" href=\"https:\/\/www.der-lokalbote.de\/index.php?id=154&amp;tx_ttnews%5Btt_news%5D=11488&amp;cHash=d148edb0c53a3bdc5c34810ce39e1763\" target=\"_blank\"> <\/a><a href=\"https:\/\/www.der-lokalbote.de\/index.php?id=154&amp;tx_ttnews%5Btt_news%5D=11695&amp;cHash=9535e567a9479cb2a2195b7c2571925d\">Artikel<\/a><br><\/cite><\/blockquote>\n\n\n\n<figure class=\"wp-block-image size-large\"><img loading=\"lazy\" width=\"309\" height=\"163\" src=\"https:\/\/zwischenraum-rheydt.de\/wp-content\/uploads\/2020\/04\/rp-logo.png\" alt=\"\" class=\"wp-image-659\" srcset=\"https:\/\/zwischenraum-rheydt.de\/wp-content\/uploads\/2020\/04\/rp-logo.png 309w, https:\/\/zwischenraum-rheydt.de\/wp-content\/uploads\/2020\/04\/rp-logo-300x158.png 300w\" sizes=\"(max-width: 309px) 100vw, 309px\" \/><\/figure>\n\n\n\n<blockquote class=\"wp-block-quote\"><p> Fotos gegen Fernweh <\/p><p>Gletscher, Eis, Sand und W\u00fcste. Der Kempener Fotograf Ulrich Buchholz zeigt in der Galerie Zwischenraum Bilder aus Island und Marokko<\/p><cite><a href=\"https:\/\/rp-online.de\/nrw\/staedte\/moenchengladbach\/kultur\/moenchengladbach-ulrich-buchholz-stellt-reise-fotografien-im-zwischenraum-aus_aid-66720381\" target=\"_blank\" rel=\"noreferrer noopener\" aria-label=\" (\u00f6ffnet in neuem Tab)\">Zum Artikel<\/a><\/cite><\/blockquote>\n\n\n\n<figure class=\"wp-block-image size-large\"><img loading=\"lazy\" width=\"674\" height=\"133\" src=\"https:\/\/zwischenraum-rheydt.de\/wp-content\/uploads\/2020\/02\/lokalbote-snip-neu-2.png\" alt=\"\" class=\"wp-image-450\" srcset=\"https:\/\/zwischenraum-rheydt.de\/wp-content\/uploads\/2020\/02\/lokalbote-snip-neu-2.png 674w, https:\/\/zwischenraum-rheydt.de\/wp-content\/uploads\/2020\/02\/lokalbote-snip-neu-2-300x59.png 300w\" sizes=\"(max-width: 674px) 100vw, 674px\" \/><\/figure>\n\n\n\n<blockquote class=\"wp-block-quote\"><p>Seltene Orte habe er bereist und dort die Besonderheiten gesucht, schildert der Fotograf Ulrich Buchholz bei der Er\u00f6ffnung seiner Ausstellung Reise Welten. So kamen die eindrucksvollen Fotos aus Island und Marokko zustande, die nun bei Ulrich Wateler im Zwischenraum zu sehen sind.<\/p><cite><a href=\"https:\/\/www.der-lokalbote.de\/index.php?id=43&amp;tx_ttnews%5Btt_news%5D=7399&amp;cHash=1191222a9efe99c6b707c9d128117d2b\">Zum<\/a><a href=\"https:\/\/www.der-lokalbote.de\/index.php?id=154&amp;tx_ttnews%5Btt_news%5D=11488&amp;cHash=d148edb0c53a3bdc5c34810ce39e1763\" target=\"_blank\" rel=\"noreferrer noopener\" aria-label=\" (\u00f6ffnet in neuem Tab)\"> <\/a><a href=\"https:\/\/www.der-lokalbote.de\/index.php?id=43&amp;tx_ttnews%5Btt_news%5D=7399&amp;cHash=1191222a9efe99c6b707c9d128117d2b\">Artikel<\/a><br><\/cite><\/blockquote>\n\n\n\n<figure class=\"wp-block-image size-large\"><img loading=\"lazy\" width=\"309\" height=\"163\" src=\"https:\/\/zwischenraum-rheydt.de\/wp-content\/uploads\/2020\/04\/rp-logo.png\" alt=\"\" class=\"wp-image-659\" srcset=\"https:\/\/zwischenraum-rheydt.de\/wp-content\/uploads\/2020\/04\/rp-logo.png 309w, https:\/\/zwischenraum-rheydt.de\/wp-content\/uploads\/2020\/04\/rp-logo-300x158.png 300w\" sizes=\"(max-width: 309px) 100vw, 309px\" \/><\/figure>\n\n\n\n<blockquote class=\"wp-block-quote\"><p>Lokalpatriotismus konstruktiv <\/p><p>Bechern f\u00fcr Rheydt ist mit augenzwinkerndem Titel eine der Aktionen, mit denen die Innenstadt kreativ belebt wird. Hier mit Live-Musik im Zwischenraum an der Hauptstra\u00dfe &#8230;<\/p><cite><a href=\"https:\/\/rp-online.de\/nrw\/staedte\/moenchengladbach\/moenchengladbach-kolumne-mensch-gladbach-lokalpatriotismus-konstruktiv_aid-66403207\" target=\"_blank\" rel=\"noreferrer noopener\" aria-label=\" (\u00f6ffnet in neuem Tab)\">Zum Artikel<\/a><\/cite><\/blockquote>\n\n\n\n<figure class=\"wp-block-image size-large\"><img loading=\"lazy\" width=\"674\" height=\"133\" src=\"https:\/\/zwischenraum-rheydt.de\/wp-content\/uploads\/2020\/02\/lokalbote-snip-neu-2.png\" alt=\"\" class=\"wp-image-450\" srcset=\"https:\/\/zwischenraum-rheydt.de\/wp-content\/uploads\/2020\/02\/lokalbote-snip-neu-2.png 674w, https:\/\/zwischenraum-rheydt.de\/wp-content\/uploads\/2020\/02\/lokalbote-snip-neu-2-300x59.png 300w\" sizes=\"(max-width: 674px) 100vw, 674px\" \/><\/figure>\n\n\n\n<blockquote class=\"wp-block-quote\"><p>Die Veranstaltung &#8222;BECHERN f\u00fcr Rheydt&#8220; bewirbt daher mit einem Augenzwinkern alle Freitage im Februar als Aktionstage.<\/p><p>Mit dabei sind: Ratskeller Rheydt, Blue Angel, T\u00f6ff T\u00f6ff. K\u00f6pi, Janse Winand, Irish Pub, Caf\u00e9 Kosmo und Caf\u00e9 Futur \/ Zwischenraum. <\/p><cite><a href=\"https:\/\/www.der-lokalbote.de\/index.php?id=43&amp;tx_ttnews%5Btt_news%5D=7399&amp;cHash=1191222a9efe99c6b707c9d128117d2b\">Zum<\/a><a href=\"https:\/\/www.der-lokalbote.de\/index.php?id=154&amp;tx_ttnews%5Btt_news%5D=11488&amp;cHash=d148edb0c53a3bdc5c34810ce39e1763\"> <\/a><a href=\"https:\/\/www.der-lokalbote.de\/index.php?id=154&amp;tx_ttnews%5Btt_news%5D=11274&amp;cHash=840f534a1a820802389dd5edc200deff\" target=\"_blank\" rel=\"noreferrer noopener\" aria-label=\" (\u00f6ffnet in neuem Tab)\">Artikel<\/a><br><\/cite><\/blockquote>\n\n\n\n<figure class=\"wp-block-image size-large\"><img loading=\"lazy\" width=\"674\" height=\"133\" src=\"https:\/\/zwischenraum-rheydt.de\/wp-content\/uploads\/2020\/02\/lokalbote-snip-neu-2.png\" alt=\"\" class=\"wp-image-450\" srcset=\"https:\/\/zwischenraum-rheydt.de\/wp-content\/uploads\/2020\/02\/lokalbote-snip-neu-2.png 674w, https:\/\/zwischenraum-rheydt.de\/wp-content\/uploads\/2020\/02\/lokalbote-snip-neu-2-300x59.png 300w\" sizes=\"(max-width: 674px) 100vw, 674px\" \/><\/figure>\n\n\n\n<blockquote class=\"wp-block-quote\"><p>Auch die Br\u00fccke zwischen Kunstschaffenden und Kunstinteressierten aus M\u00f6nchengladbach-Rheydt und dem Niederrhein tr\u00e4gt.<\/p><p>F\u00fcnf Mitglieder von Vokus Vorst, der K\u00fcnstlergruppe vom Niederrhein, haben eine Auswahl von Werken f\u00fcr eine erneut sehr ansprechende Gemeinschafts-Ausstellung im ZWISCHENRAUM Rheydt zusammengestellt.  <\/p><cite><a href=\"https:\/\/www.der-lokalbote.de\/index.php?id=43&amp;tx_ttnews%5Btt_news%5D=7399&amp;cHash=1191222a9efe99c6b707c9d128117d2b\">Zum<\/a><a href=\"https:\/\/www.der-lokalbote.de\/index.php?id=154&amp;tx_ttnews%5Btt_news%5D=11488&amp;cHash=d148edb0c53a3bdc5c34810ce39e1763\"> <\/a><a href=\"https:\/\/www.der-lokalbote.de\/index.php?id=154&amp;tx_ttnews%5Btt_news%5D=10752&amp;cHash=12e403e8567d725b8f3f008c6973361e\" target=\"_blank\" rel=\"noreferrer noopener\" aria-label=\" (\u00f6ffnet in neuem Tab)\">Artikel<\/a><br><\/cite><\/blockquote>\n\n\n\n<figure class=\"wp-block-image size-large\"><img loading=\"lazy\" width=\"674\" height=\"133\" src=\"https:\/\/zwischenraum-rheydt.de\/wp-content\/uploads\/2020\/02\/lokalbote-snip-neu-2.png\" alt=\"\" class=\"wp-image-450\" srcset=\"https:\/\/zwischenraum-rheydt.de\/wp-content\/uploads\/2020\/02\/lokalbote-snip-neu-2.png 674w, https:\/\/zwischenraum-rheydt.de\/wp-content\/uploads\/2020\/02\/lokalbote-snip-neu-2-300x59.png 300w\" sizes=\"(max-width: 674px) 100vw, 674px\" \/><\/figure>\n\n\n\n<blockquote class=\"wp-block-quote\"><p>Neues Caf\u00e9 in Rheydt<\/p><p>Ulrich Wateler, Inhaber vom ZWISCHENRAUM in der Rheydter Innenstadt, erf\u00fcllte sich einen weiteren, langgehegten Traum. Er er\u00f6ffnete das Buchladen-Caf\u00e9 Futur in den R\u00e4umen des ZWISCHENRAUM.<\/p><cite><a href=\"https:\/\/www.der-lokalbote.de\/index.php?id=43&amp;tx_ttnews%5Btt_news%5D=7399&amp;cHash=1191222a9efe99c6b707c9d128117d2b\">Zum<\/a><a href=\"https:\/\/www.der-lokalbote.de\/index.php?id=154&amp;tx_ttnews%5Btt_news%5D=11488&amp;cHash=d148edb0c53a3bdc5c34810ce39e1763\"> <\/a><a href=\"https:\/\/www.der-lokalbote.de\/index.php?id=154&amp;tx_ttnews%5Btt_news%5D=10742&amp;cHash=97e580e3de2077b707f27566952e6efe\" target=\"_blank\" rel=\"noreferrer noopener\" aria-label=\" (\u00f6ffnet in neuem Tab)\">Artikel<\/a><br><\/cite><\/blockquote>\n\n\n\n<figure class=\"wp-block-image size-large\"><img loading=\"lazy\" width=\"674\" height=\"133\" src=\"https:\/\/zwischenraum-rheydt.de\/wp-content\/uploads\/2020\/02\/lokalbote-snip-neu-2.png\" alt=\"\" class=\"wp-image-450\" srcset=\"https:\/\/zwischenraum-rheydt.de\/wp-content\/uploads\/2020\/02\/lokalbote-snip-neu-2.png 674w, https:\/\/zwischenraum-rheydt.de\/wp-content\/uploads\/2020\/02\/lokalbote-snip-neu-2-300x59.png 300w\" sizes=\"(max-width: 674px) 100vw, 674px\" \/><\/figure>\n\n\n\n<blockquote class=\"wp-block-quote\"><p>Fr\u00fcher war mehr Lametta:&nbsp;<\/p><p>Gemeinsam mit dem neuen Gastronetz RY hat Stadtteilkoordinator Marius M\u00fcller von der Stadtverwaltung einen Hei\u00dfgetr\u00e4nke-Wanderweg durch Rheydt konzipiert. &#8230;<\/p><p>Mit dabei sind bisher: Caf\u00e9 Kosmo, Caf\u00e9 Loulous, Amelsan kocht!, Caf\u00e9 Futur, Eiscaf\u00e9 Cellino, Kult &amp; Genuss und der Ratskeller Rheydt. <\/p><cite><a href=\"https:\/\/www.der-lokalbote.de\/index.php?id=43&amp;tx_ttnews%5Btt_news%5D=7399&amp;cHash=1191222a9efe99c6b707c9d128117d2b\">Zum<\/a><a href=\"https:\/\/www.der-lokalbote.de\/index.php?id=154&amp;tx_ttnews%5Btt_news%5D=11488&amp;cHash=d148edb0c53a3bdc5c34810ce39e1763\"> <\/a><a href=\"https:\/\/www.der-lokalbote.de\/index.php?id=154&amp;tx_ttnews%5Btt_news%5D=10695&amp;cHash=a81f272dd3a02118918f1d53c5afc68d\" target=\"_blank\" rel=\"noreferrer noopener\" aria-label=\" (\u00f6ffnet in neuem Tab)\">Artikel<\/a><br><\/cite><\/blockquote>\n\n\n\n<figure class=\"wp-block-image size-large\"><img loading=\"lazy\" width=\"309\" height=\"163\" src=\"https:\/\/zwischenraum-rheydt.de\/wp-content\/uploads\/2020\/04\/rp-logo.png\" alt=\"\" class=\"wp-image-659\" srcset=\"https:\/\/zwischenraum-rheydt.de\/wp-content\/uploads\/2020\/04\/rp-logo.png 309w, https:\/\/zwischenraum-rheydt.de\/wp-content\/uploads\/2020\/04\/rp-logo-300x158.png 300w\" sizes=\"(max-width: 309px) 100vw, 309px\" \/><\/figure>\n\n\n\n<blockquote class=\"wp-block-quote\"><p> K\u00fcnstler aus D\u00e4nemark stellt aus <\/p><p> Eine Hommage an die Farben <\/p><cite><a href=\"https:\/\/rp-online.de\/nrw\/staedte\/moenchengladbach\/moenchengladbach-kolumne-mensch-gladbach-lokalpatriotismus-konstruktiv_aid-66403207\" target=\"_blank\" rel=\"noreferrer noopener\" aria-label=\" (\u00f6ffnet in neuem Tab)\">Zum Artikel<\/a><\/cite><\/blockquote>\n\n\n\n<figure class=\"wp-block-image size-large\"><img loading=\"lazy\" width=\"674\" height=\"133\" src=\"https:\/\/zwischenraum-rheydt.de\/wp-content\/uploads\/2020\/02\/lokalbote-snip-neu-2.png\" alt=\"\" class=\"wp-image-450\" srcset=\"https:\/\/zwischenraum-rheydt.de\/wp-content\/uploads\/2020\/02\/lokalbote-snip-neu-2.png 674w, https:\/\/zwischenraum-rheydt.de\/wp-content\/uploads\/2020\/02\/lokalbote-snip-neu-2-300x59.png 300w\" sizes=\"(max-width: 674px) 100vw, 674px\" \/><\/figure>\n\n\n\n<blockquote class=\"wp-block-quote\"><p>ZWISCHENT\u00d6NE und KONTRASTE im ZWISCHENRAUM bei matchingGenerations<\/p><p>Die lichtdurchfluteten R\u00e4ume passen ideal zu den Werken des D\u00e4nen Mads Svendsen-Merbeth, der sich durch das helle Licht des Nordens inspirieren l\u00e4sst. Zur Ausstellungser\u00f6ffnung&nbsp; war der sympathische K\u00fcnstler anwesend.  &#8230;<\/p><cite><a href=\"https:\/\/www.der-lokalbote.de\/index.php?id=43&amp;tx_ttnews%5Btt_news%5D=7399&amp;cHash=1191222a9efe99c6b707c9d128117d2b\">Zum<\/a><a href=\"https:\/\/www.der-lokalbote.de\/index.php?id=154&amp;tx_ttnews%5Btt_news%5D=11488&amp;cHash=d148edb0c53a3bdc5c34810ce39e1763\"> <\/a><a href=\"https:\/\/www.der-lokalbote.de\/index.php?id=154&amp;tx_ttnews%5Btt_news%5D=10152&amp;cHash=3b8ecf229ea0d77eaf3e8ab6e6c95136\" target=\"_blank\" rel=\"noreferrer noopener\" aria-label=\" (\u00f6ffnet in neuem Tab)\">Artikel<\/a><br><\/cite><\/blockquote>\n\n\n\n<figure class=\"wp-block-image size-large\"><img loading=\"lazy\" width=\"674\" height=\"133\" src=\"https:\/\/zwischenraum-rheydt.de\/wp-content\/uploads\/2020\/02\/lokalbote-snip-neu-2.png\" alt=\"\" class=\"wp-image-450\" srcset=\"https:\/\/zwischenraum-rheydt.de\/wp-content\/uploads\/2020\/02\/lokalbote-snip-neu-2.png 674w, https:\/\/zwischenraum-rheydt.de\/wp-content\/uploads\/2020\/02\/lokalbote-snip-neu-2-300x59.png 300w\" sizes=\"(max-width: 674px) 100vw, 674px\" \/><\/figure>\n\n\n\n<blockquote class=\"wp-block-quote\"><p>Die matchingGenerations GmbH &amp; Co. KG bietet neben ihrem sozialen Engagement verschiedene Dienstleistungen nicht nur f\u00fcr Startups oder Kunstschaffende an wie Pr\u00e4sentation, Verkauf oder Vermittlung der Kunstwerke.&nbsp; <\/p><p> Peter K\u00f6nig beeindruckt das Engagement des Unternehmers.   &#8230;<\/p><cite><a href=\"https:\/\/www.der-lokalbote.de\/index.php?id=43&amp;tx_ttnews%5Btt_news%5D=7399&amp;cHash=1191222a9efe99c6b707c9d128117d2b\">Zum<\/a><a href=\"https:\/\/www.der-lokalbote.de\/index.php?id=154&amp;tx_ttnews%5Btt_news%5D=11488&amp;cHash=d148edb0c53a3bdc5c34810ce39e1763\"> <\/a><a href=\"https:\/\/www.der-lokalbote.de\/index.php?id=154&amp;tx_ttnews%5Btt_news%5D=9798&amp;cHash=c6a415eadb3e440f45facaadf5e9d868\" target=\"_blank\" rel=\"noreferrer noopener\" aria-label=\" (\u00f6ffnet in neuem Tab)\">Artikel<\/a><br><\/cite><\/blockquote>\n\n\n\n<figure class=\"wp-block-image size-large\"><img loading=\"lazy\" width=\"309\" height=\"163\" src=\"https:\/\/zwischenraum-rheydt.de\/wp-content\/uploads\/2020\/04\/rp-logo.png\" alt=\"\" class=\"wp-image-659\" srcset=\"https:\/\/zwischenraum-rheydt.de\/wp-content\/uploads\/2020\/04\/rp-logo.png 309w, https:\/\/zwischenraum-rheydt.de\/wp-content\/uploads\/2020\/04\/rp-logo-300x158.png 300w\" sizes=\"(max-width: 309px) 100vw, 309px\" \/><\/figure>\n\n\n\n<blockquote class=\"wp-block-quote\"><p>Start-ups lernen das Gladbacher Gr\u00fcnder-\u00d6kosystem kennen <\/p><p>Drei junge Unternehmen haben das &#8222;Startup.Starterkit.MG&#8220; gewonnen. <\/p><cite><a href=\"https:\/\/rp-online.de\/nrw\/staedte\/moenchengladbach\/moenchengladbach-drei-start-ups-gewinnen-starterkit_aid-57978617\" target=\"_blank\" rel=\"noreferrer noopener\" aria-label=\" (\u00f6ffnet in neuem Tab)\">Zum Artikel<\/a><\/cite><\/blockquote>\n\n\n\n<figure class=\"wp-block-image size-large\"><img loading=\"lazy\" width=\"674\" height=\"133\" src=\"https:\/\/zwischenraum-rheydt.de\/wp-content\/uploads\/2020\/02\/lokalbote-snip-neu-2.png\" alt=\"\" class=\"wp-image-450\" srcset=\"https:\/\/zwischenraum-rheydt.de\/wp-content\/uploads\/2020\/02\/lokalbote-snip-neu-2.png 674w, https:\/\/zwischenraum-rheydt.de\/wp-content\/uploads\/2020\/02\/lokalbote-snip-neu-2-300x59.png 300w\" sizes=\"(max-width: 674px) 100vw, 674px\" \/><\/figure>\n\n\n\n<blockquote class=\"wp-block-quote\"><p>Ein beeindruckender Lichtblick nach einer gr\u00f6\u00dferen Corona-Zwangspause ist die Gem\u00e4lde-Ausstellung der M\u00f6nchengladbacher K\u00fcnstlerin Ilknur Hamraths im ZWISCHENRAUM Rheydt. &#8230;<\/p><p>Die oft aus dem mit silbernen und goldenen Spektrum stammenden, mit dezenten anderen Farbwerten erg\u00e4nzten Kompositionen bestechen in Ihrer modernen Klarheit. Ein sehr bewusster Einsatz von erg\u00e4nzendem Material schafft eine beeindruckende, oft grafisch angeordnete R\u00e4umlichkeit der Werke.   &#8230;<\/p><cite><a href=\"https:\/\/www.der-lokalbote.de\/index.php?id=43&amp;tx_ttnews%5Btt_news%5D=7399&amp;cHash=1191222a9efe99c6b707c9d128117d2b\">Zum<\/a><a href=\"https:\/\/www.der-lokalbote.de\/index.php?id=154&amp;tx_ttnews%5Btt_news%5D=11488&amp;cHash=d148edb0c53a3bdc5c34810ce39e1763\"> <\/a><a href=\"https:\/\/www.der-lokalbote.de\/index.php?id=43&amp;tx_ttnews%5Btt_news%5D=9324&amp;cHash=88437a807482d6ffba331b9dfc34746c\" target=\"_blank\" rel=\"noreferrer noopener\" aria-label=\" (\u00f6ffnet in neuem Tab)\">Artikel<\/a><br><\/cite><\/blockquote>\n\n\n\n<figure class=\"wp-block-image size-large\"><img loading=\"lazy\" width=\"309\" height=\"163\" src=\"https:\/\/zwischenraum-rheydt.de\/wp-content\/uploads\/2020\/04\/rp-logo.png\" alt=\"\" class=\"wp-image-659\" srcset=\"https:\/\/zwischenraum-rheydt.de\/wp-content\/uploads\/2020\/04\/rp-logo.png 309w, https:\/\/zwischenraum-rheydt.de\/wp-content\/uploads\/2020\/04\/rp-logo-300x158.png 300w\" sizes=\"(max-width: 309px) 100vw, 309px\" \/><\/figure>\n\n\n\n<blockquote class=\"wp-block-quote\"><p> Gro\u00dfer Fr\u00fchjahrsputz auf der Hauptstra\u00dfe <\/p><p>Anwohner, Gesch\u00e4ftsleute und die Mags machten bei der Aktion &#8222;MaiPutz&#8220; von Uli Wateler und Vinod Kumar mit.<\/p><cite><a href=\"https:\/\/rp-online.de\/nrw\/staedte\/moenchengladbach\/moenchengladbach-rheydt-anwohner-der-hauptstrasse-nahmen-am-mai-putz-teil_aid-57943263\" target=\"_blank\" rel=\"noreferrer noopener\" aria-label=\" (\u00f6ffnet in neuem Tab)\">Zum Artikel<\/a><\/cite><\/blockquote>\n\n\n\n<figure class=\"wp-block-image size-large\"><img loading=\"lazy\" width=\"674\" height=\"133\" src=\"https:\/\/zwischenraum-rheydt.de\/wp-content\/uploads\/2020\/02\/lokalbote-snip-neu-2.png\" alt=\"\" class=\"wp-image-450\" srcset=\"https:\/\/zwischenraum-rheydt.de\/wp-content\/uploads\/2020\/02\/lokalbote-snip-neu-2.png 674w, https:\/\/zwischenraum-rheydt.de\/wp-content\/uploads\/2020\/02\/lokalbote-snip-neu-2-300x59.png 300w\" sizes=\"(max-width: 674px) 100vw, 674px\" \/><\/figure>\n\n\n\n<blockquote class=\"wp-block-quote\"><p>Ulrich Wateler, sozialer Unternehmer, im Gespr\u00e4ch mit dem Lokalboten:<\/p><p><strong>LB:<\/strong>&nbsp;Herr Wateler: Sie haben sich in einem Leerstand der Rheydter Hauptstra\u00dfe mit Ihrem Projekt ZWISCHENRAUM engagiert. Was m\u00f6chten Sie damit erreichen?  &#8230;<\/p><cite><a href=\"https:\/\/www.der-lokalbote.de\/index.php?id=43&amp;tx_ttnews%5Btt_news%5D=7399&amp;cHash=1191222a9efe99c6b707c9d128117d2b\" target=\"_blank\" rel=\"noreferrer noopener\" aria-label=\" (\u00f6ffnet in neuem Tab)\">Zum  Interview<\/a><\/cite><\/blockquote>\n\n\n\n<hr class=\"wp-block-separator\"\/>\n\n\n\n<figure class=\"wp-block-image size-large\"><img loading=\"lazy\" width=\"674\" height=\"133\" src=\"https:\/\/zwischenraum-rheydt.de\/wp-content\/uploads\/2020\/02\/lokalbote-snip-neu-2.png\" alt=\"\" class=\"wp-image-450\" srcset=\"https:\/\/zwischenraum-rheydt.de\/wp-content\/uploads\/2020\/02\/lokalbote-snip-neu-2.png 674w, https:\/\/zwischenraum-rheydt.de\/wp-content\/uploads\/2020\/02\/lokalbote-snip-neu-2-300x59.png 300w\" sizes=\"(max-width: 674px) 100vw, 674px\" \/><\/figure>\n\n\n\n<blockquote class=\"wp-block-quote\"><p>&#8230;  eine Br\u00fccke zwischen Kunstschaffenden und Kunstinteressierten aus M\u00f6nchengladbach, Rheydt und vom Niederrhein&nbsp;schlagen &#8230;<\/p><cite><a href=\"https:\/\/www.der-lokalbote.de\/index.php?id=27&amp;no_cache=1&amp;tx_ttnews%5Btt_news%5D=7086&amp;cHash=746ca691bb69fe3832d37b4596e78c98\" target=\"_blank\" rel=\"noreferrer noopener\" aria-label=\" (\u00f6ffnet in neuem Tab)\">Zum Artikel<\/a><\/cite><\/blockquote>\n\n\n\n<hr class=\"wp-block-separator\"\/>\n\n\n\n<figure class=\"wp-block-image size-large\"><img loading=\"lazy\" width=\"309\" height=\"163\" src=\"https:\/\/zwischenraum-rheydt.de\/wp-content\/uploads\/2020\/04\/rp-logo.png\" alt=\"\" class=\"wp-image-659\" srcset=\"https:\/\/zwischenraum-rheydt.de\/wp-content\/uploads\/2020\/04\/rp-logo.png 309w, https:\/\/zwischenraum-rheydt.de\/wp-content\/uploads\/2020\/04\/rp-logo-300x158.png 300w\" sizes=\"(max-width: 309px) 100vw, 309px\" \/><\/figure>\n\n\n\n<blockquote class=\"wp-block-quote\"><p>&#8230;   Sch\u00f6ne Kunst mit kritischer Botschaft  &#8230;<\/p><cite><a href=\"https:\/\/rp-online.de\/nrw\/staedte\/moenchengladbach\/kultur\/moenchengladbach-wally-luecks-ausstellung-wirkfluss-im-zwischenraum_aid-53188817\" target=\"_blank\" rel=\"noreferrer noopener\" aria-label=\" (\u00f6ffnet in neuem Tab)\">Zum Artikel<\/a><\/cite><\/blockquote>\n\n\n\n<hr class=\"wp-block-separator\"\/>\n\n\n\n<figure class=\"wp-block-image size-large\"><img loading=\"lazy\" width=\"674\" height=\"133\" src=\"https:\/\/zwischenraum-rheydt.de\/wp-content\/uploads\/2020\/02\/lokalbote-snip-neu-2.png\" alt=\"\" class=\"wp-image-450\" srcset=\"https:\/\/zwischenraum-rheydt.de\/wp-content\/uploads\/2020\/02\/lokalbote-snip-neu-2.png 674w, https:\/\/zwischenraum-rheydt.de\/wp-content\/uploads\/2020\/02\/lokalbote-snip-neu-2-300x59.png 300w\" sizes=\"(max-width: 674px) 100vw, 674px\" \/><\/figure>\n\n\n\n<blockquote class=\"wp-block-quote\"><p>&#8230;  OB-Kandidat Felix Heinrichs und Bundesumweltministerin Svenja Schulze streiften \u00fcber den Rheydter Wochenmarkt \u2013 als sie unverhofft auf Uli Wateler (Inhaber des Zwischenraums in der Hauptstra\u00dfe) und auf den K\u00fcnstler Hermann-Josef Sauren trafen &#8230;<\/p><cite><a href=\"https:\/\/www.der-lokalbote.de\/index.php?id=78&amp;tx_ttnews%5Btt_news%5D=6882&amp;cHash=c56e36b18dbc681393ce5f616a3846ff\" target=\"_blank\" rel=\"noreferrer noopener\" aria-label=\" (\u00f6ffnet in neuem Tab)\">Zum Artikel<\/a><\/cite><\/blockquote>\n\n\n\n<hr class=\"wp-block-separator\"\/>\n\n\n\n<figure class=\"wp-block-image size-large\"><img loading=\"lazy\" width=\"674\" height=\"133\" src=\"https:\/\/zwischenraum-rheydt.de\/wp-content\/uploads\/2020\/02\/lokalbote-snip-neu-2.png\" alt=\"\" class=\"wp-image-450\" srcset=\"https:\/\/zwischenraum-rheydt.de\/wp-content\/uploads\/2020\/02\/lokalbote-snip-neu-2.png 674w, https:\/\/zwischenraum-rheydt.de\/wp-content\/uploads\/2020\/02\/lokalbote-snip-neu-2-300x59.png 300w\" sizes=\"(max-width: 674px) 100vw, 674px\" \/><\/figure>\n\n\n\n<blockquote class=\"wp-block-quote\"><p>&#8230;  Im Rheydter Zentrum &#8230; finden Sie Benedict A. Johnson und seine Gastk\u00fcnstlerin Inge Ulbricht. Im ZWISCHENRAUM, der seine R\u00e4ume aus Anlass des par\/cours erweitert hat &#8230;<\/p><cite><a href=\"https:\/\/www.der-lokalbote.de\/index.php?id=27&amp;no_cache=1&amp;tx_ttnews%5Btt_news%5D=6740&amp;cHash=7a72103431ab0a960c99c5a67cc08b79\" target=\"_blank\" rel=\"noreferrer noopener\" aria-label=\" (\u00f6ffnet in neuem Tab)\">Zum Artikel<\/a><\/cite><\/blockquote>\n\n\n\n<hr class=\"wp-block-separator\"\/>\n\n\n\n<figure class=\"wp-block-image size-large\"><img loading=\"lazy\" width=\"674\" height=\"133\" src=\"https:\/\/zwischenraum-rheydt.de\/wp-content\/uploads\/2020\/02\/lokalbote-snip-neu-2.png\" alt=\"\" class=\"wp-image-450\" srcset=\"https:\/\/zwischenraum-rheydt.de\/wp-content\/uploads\/2020\/02\/lokalbote-snip-neu-2.png 674w, https:\/\/zwischenraum-rheydt.de\/wp-content\/uploads\/2020\/02\/lokalbote-snip-neu-2-300x59.png 300w\" sizes=\"(max-width: 674px) 100vw, 674px\" \/><\/figure>\n\n\n\n<blockquote class=\"wp-block-quote\"><p>&#8230;  das Leben in M\u00f6nchengladbach-Rheydt scheint \u2013 zumindest in der Galerie ZWISCHENRAUM &#8211; wieder zur\u00fcck zu sein. &#8230;<\/p><cite><a href=\"https:\/\/www.der-lokalbote.de\/index.php?id=43&amp;tx_ttnews%5Btt_news%5D=6241&amp;cHash=37883cd3af39ed118c4674ab7ba490a6\" target=\"_blank\" rel=\"noreferrer noopener\" aria-label=\" (\u00f6ffnet in neuem Tab)\">Zum Artikel<\/a><\/cite><\/blockquote>\n\n\n\n<hr class=\"wp-block-separator\"\/>\n\n\n\n<figure class=\"wp-block-image size-large\"><img loading=\"lazy\" width=\"309\" height=\"163\" src=\"https:\/\/zwischenraum-rheydt.de\/wp-content\/uploads\/2020\/04\/rp-logo.png\" alt=\"\" class=\"wp-image-659\" srcset=\"https:\/\/zwischenraum-rheydt.de\/wp-content\/uploads\/2020\/04\/rp-logo.png 309w, https:\/\/zwischenraum-rheydt.de\/wp-content\/uploads\/2020\/04\/rp-logo-300x158.png 300w\" sizes=\"(max-width: 309px) 100vw, 309px\" \/><\/figure>\n\n\n\n<blockquote class=\"wp-block-quote\"><p>In eine ganz ungewohnte Kunst-Welt entf\u00fchren die Bilder des kubanischen Malers Juan Manuel V\u00e1zquez Iglesias.   &#8230; <\/p><cite><a href=\"https:\/\/rp-online.de\/nrw\/staedte\/moenchengladbach\/kultur\/moenchengladbach-vazquez-traeume-in-rheydt-zu-sehen_aid-51705083\" target=\"_blank\" rel=\"noreferrer noopener\" aria-label=\" (\u00f6ffnet in neuem Tab)\">Zur Kurzkritik<\/a><\/cite><\/blockquote>\n\n\n\n<hr class=\"wp-block-separator\"\/>\n\n\n\n<figure class=\"wp-block-image size-large\"><img loading=\"lazy\" width=\"674\" height=\"133\" src=\"https:\/\/zwischenraum-rheydt.de\/wp-content\/uploads\/2020\/02\/lokalbote-snip-neu-2.png\" alt=\"\" class=\"wp-image-450\" srcset=\"https:\/\/zwischenraum-rheydt.de\/wp-content\/uploads\/2020\/02\/lokalbote-snip-neu-2.png 674w, https:\/\/zwischenraum-rheydt.de\/wp-content\/uploads\/2020\/02\/lokalbote-snip-neu-2-300x59.png 300w\" sizes=\"(max-width: 674px) 100vw, 674px\" \/><\/figure>\n\n\n\n<blockquote class=\"wp-block-quote\"><p>Vom 4. Juli bis 29. August 2020 pr\u00e4sentiert der M\u00f6nchengladbacher Sammler Marek Rutkowski eine Auswahl von Gem\u00e4lden seiner umfangreichen Sammlung kubanischer Kunst in der Galerie ZWISCHENRAUM, M\u00f6nchengladbach Rheydt&#8230;.<\/p><cite><a href=\"https:\/\/www.der-lokalbote.de\/index.php?id=27&amp;no_cache=1&amp;tx_ttnews%5Btt_news%5D=6109&amp;cHash=10120364825d1ce8d037c5a73bbaa225\" target=\"_blank\" rel=\"noreferrer noopener\" aria-label=\" (\u00f6ffnet in neuem Tab)\"> zum Artikel<\/a><\/cite><\/blockquote>\n\n\n\n<hr class=\"wp-block-separator\"\/>\n\n\n\n<figure class=\"wp-block-image size-large\"><img loading=\"lazy\" width=\"674\" height=\"133\" src=\"https:\/\/zwischenraum-rheydt.de\/wp-content\/uploads\/2020\/02\/lokalbote-snip-neu-2.png\" alt=\"\" class=\"wp-image-450\" srcset=\"https:\/\/zwischenraum-rheydt.de\/wp-content\/uploads\/2020\/02\/lokalbote-snip-neu-2.png 674w, https:\/\/zwischenraum-rheydt.de\/wp-content\/uploads\/2020\/02\/lokalbote-snip-neu-2-300x59.png 300w\" sizes=\"(max-width: 674px) 100vw, 674px\" \/><\/figure>\n\n\n\n<blockquote class=\"wp-block-quote\"><p>Hildie Davison und Uli Wateler haben im Ladenlokal ZWISCHENRAUM auf der Hauptstra\u00dfe in M\u00f6nchengladbach-Rheydt einen \u201ePaten-Dienstleistungsplatz\u201c eingerichtet &#8230;<\/p><cite><a href=\"https:\/\/www.der-lokalbote.de\/index.php?id=27&amp;no_cache=1&amp;tx_ttnews%5Btt_news%5https:\/\/www.der-lokalbote.de\/index.php?id=27&amp;no_cache=1&amp;tx_ttnews%5Btt_news%5D=5840&amp;cHash=507d811e2dd0f045f9b196f8c4eceb27\" target=\"_blank\" rel=\"noreferrer noopener\" aria-label=\" (\u00f6ffnet in neuem Tab)\"> zum Artikel<\/a><\/cite><\/blockquote>\n\n\n\n<hr class=\"wp-block-separator\"\/>\n\n\n\n<figure class=\"wp-block-image size-large\"><img loading=\"lazy\" width=\"540\" height=\"126\" src=\"https:\/\/zwischenraum-rheydt.de\/wp-content\/uploads\/2020\/04\/tempsnip-businessin-MG-1.png\" alt=\"\" class=\"wp-image-656\" srcset=\"https:\/\/zwischenraum-rheydt.de\/wp-content\/uploads\/2020\/04\/tempsnip-businessin-MG-1.png 540w, https:\/\/zwischenraum-rheydt.de\/wp-content\/uploads\/2020\/04\/tempsnip-businessin-MG-1-300x70.png 300w\" sizes=\"(max-width: 540px) 100vw, 540px\" \/><figcaption> Ausgabe 01, April 2020 <\/figcaption><\/figure>\n\n\n\n<blockquote class=\"wp-block-quote\"><p>Das Angebot richtet sich vor allem an Freiberufler, K\u00fcnstler und Kleinunternehmer<\/p><cite><a href=\"https:\/\/www.wfmg.de\/epaper\/BinMG-2020-01\/#18\" target=\"_blank\" rel=\"noreferrer noopener\" aria-label=\" (\u00f6ffnet in neuem Tab)\">Zum E-Paper<\/a><\/cite><\/blockquote>\n\n\n\n<hr class=\"wp-block-separator\"\/>\n\n\n\n<figure class=\"wp-block-image size-large\"><img loading=\"lazy\" width=\"400\" height=\"118\" src=\"https:\/\/zwischenraum-rheydt.de\/wp-content\/uploads\/2020\/04\/derlokalbote.jpeg\" alt=\"\" class=\"wp-image-657\" srcset=\"https:\/\/zwischenraum-rheydt.de\/wp-content\/uploads\/2020\/04\/derlokalbote.jpeg 400w, https:\/\/zwischenraum-rheydt.de\/wp-content\/uploads\/2020\/04\/derlokalbote-300x89.jpeg 300w\" sizes=\"(max-width: 400px) 100vw, 400px\" \/><\/figure>\n\n\n\n<blockquote class=\"wp-block-quote\"><p>&#8230; pr\u00e4sentierte der ZWISCHENRAUM eine Ausstellung mit interessanten Menschen und noch interessanteren Exponaten. Eine Ausstellung, die den Besucher in jeder Sekunde fesselt&#8230;<\/p><cite><a href=\"https:\/\/www.der-lokalbote.de\/index.php?id=27&amp;no_cache=1&amp;tx_ttnews%5Btt_news%5D=5333&amp;cHash=4055bd5e713dcd1923ce8fd1ac8d4757\" target=\"_blank\" rel=\"noreferrer noopener\" aria-label=\" (\u00f6ffnet in neuem Tab)\">Zum Artikel<\/a><\/cite><\/blockquote>\n\n\n\n<hr class=\"wp-block-separator\"\/>\n\n\n\n<figure class=\"wp-block-image size-large\"><img loading=\"lazy\" width=\"309\" height=\"163\" src=\"https:\/\/zwischenraum-rheydt.de\/wp-content\/uploads\/2020\/04\/rp-logo.png\" alt=\"\" class=\"wp-image-659\" srcset=\"https:\/\/zwischenraum-rheydt.de\/wp-content\/uploads\/2020\/04\/rp-logo.png 309w, https:\/\/zwischenraum-rheydt.de\/wp-content\/uploads\/2020\/04\/rp-logo-300x158.png 300w\" sizes=\"(max-width: 309px) 100vw, 309px\" \/><\/figure>\n\n\n\n<blockquote class=\"wp-block-quote\"><p> Kunst und Antikes auf 200 Quadratmetern  &#8230; <\/p><cite><a href=\"https:\/\/rp-online.de\/nrw\/staedte\/moenchengladbach\/kultur\/moenchengladbach-leer-stehende-hauptpassage-wird-zum-marche-de-l-art_aid-49475517\">Zur Kurzkritik<\/a><\/cite><\/blockquote>\n\n\n\n<hr class=\"wp-block-separator\"\/>\n\n\n\n<figure class=\"wp-block-image size-large\"><img loading=\"lazy\" width=\"674\" height=\"133\" src=\"https:\/\/zwischenraum-rheydt.de\/wp-content\/uploads\/2020\/02\/lokalbote-snip-neu.png\" alt=\"\" class=\"wp-image-447\" srcset=\"https:\/\/zwischenraum-rheydt.de\/wp-content\/uploads\/2020\/02\/lokalbote-snip-neu.png 674w, https:\/\/zwischenraum-rheydt.de\/wp-content\/uploads\/2020\/02\/lokalbote-snip-neu-300x59.png 300w\" sizes=\"(max-width: 674px) 100vw, 674px\" \/><\/figure>\n\n\n\n<blockquote class=\"wp-block-quote\"><p> Der liberale Ratsherr im Rat der Stadt M\u00f6nchengladbach, Reiner Gutowski, und der M\u00f6nchengladbacher Landtagsabgeordnete Andreas Terhaag laden alle interessierten B\u00fcrgerinnen und B\u00fcrger am 19. Februar 2020 in der Zeit von 16.30 bis 18.00 Uhr zum B\u00fcrgerdialog in das Ladenlokal Zwischenraum, Hauptstra\u00dfe 59 in 41236 M\u00f6nchengladbach ein.<\/p><cite><a href=\"https:\/\/www.der-lokalbote.de\/index.php?id=43&amp;tx_ttnews%5Btt_news%5D=5031&amp;cHash=3c46e591bdfac7502ab8b8226aa6e86a\" target=\"_blank\" rel=\"noreferrer noopener\" aria-label=\" (\u00f6ffnet in neuem Tab)\">Zum Artikel<\/a><\/cite><\/blockquote>\n\n\n\n<hr class=\"wp-block-separator\"\/>\n\n\n\n<figure class=\"wp-block-image size-large\"><img loading=\"lazy\" width=\"309\" height=\"163\" src=\"https:\/\/zwischenraum-rheydt.de\/wp-content\/uploads\/2020\/02\/rp-logo-3.png\" alt=\"\" class=\"wp-image-378\" srcset=\"https:\/\/zwischenraum-rheydt.de\/wp-content\/uploads\/2020\/02\/rp-logo-3.png 309w, https:\/\/zwischenraum-rheydt.de\/wp-content\/uploads\/2020\/02\/rp-logo-3-300x158.png 300w\" sizes=\"(max-width: 309px) 100vw, 309px\" \/><\/figure>\n\n\n\n<blockquote class=\"wp-block-quote\"><p>Das matchingGenerations ART-Team pr\u00e4sentiert Julien Agbolosso (Kempkens), K\u00fcnstler und Gr\u00fcndungsmitglied der Blauen Rheydter <\/p><cite><a href=\"https:\/\/rp-online.de\/nrw\/staedte\/moenchengladbach\/kultur\/moenchengladbach-rheydt-julien-agbolosso-im-zwischenraum_aid-48779661\" target=\"_blank\" rel=\"noreferrer noopener\" aria-label=\" (\u00f6ffnet in neuem Tab)\">Zum Artikel<\/a><\/cite><\/blockquote>\n\n\n\n<hr class=\"wp-block-separator\"\/>\n\n\n\n<figure class=\"wp-block-image size-large\"><img loading=\"lazy\" width=\"674\" height=\"133\" src=\"https:\/\/zwischenraum-rheydt.de\/wp-content\/uploads\/2020\/02\/lokalbote-snip-neu-1.png\" alt=\"\" class=\"wp-image-448\" srcset=\"https:\/\/zwischenraum-rheydt.de\/wp-content\/uploads\/2020\/02\/lokalbote-snip-neu-1.png 674w, https:\/\/zwischenraum-rheydt.de\/wp-content\/uploads\/2020\/02\/lokalbote-snip-neu-1-300x59.png 300w\" sizes=\"(max-width: 674px) 100vw, 674px\" \/><\/figure>\n\n\n\n<blockquote class=\"wp-block-quote\"><p>Aktuelle Ausstellung im ZwischenRaum: ART Cascade +<\/p><p>&#8230;  Seine kulturellen afrikanischen Wurzeln greifen stets in seine Arbeit ein und dr\u00fccken seinen expressiven Stil aus. Julien Agbolosso (Kempkens) ist Gr\u00fcndungsmitglied der Blauen Rheydter und hat ein eigenes Atelier in M\u00f6nchengladbach. <\/p><cite><a href=\"https:\/\/www.der-lokalbote.de\/index.php?id=43&amp;tx_ttnews%5Btt_news%5D=4990&amp;cHash=50486bace005b9342b5d26230bac251a\" target=\"_blank\" rel=\"noreferrer noopener\" aria-label=\" (\u00f6ffnet in neuem Tab)\">Zum Artikel<\/a><\/cite><\/blockquote>\n\n\n\n<hr class=\"wp-block-separator\"\/>\n\n\n\n<figure class=\"wp-block-image size-large\"><img loading=\"lazy\" width=\"342\" height=\"107\" src=\"https:\/\/zwischenraum-rheydt.de\/wp-content\/uploads\/2020\/02\/wfmg-snip-1.png\" alt=\"\" class=\"wp-image-341\" srcset=\"https:\/\/zwischenraum-rheydt.de\/wp-content\/uploads\/2020\/02\/wfmg-snip-1.png 342w, https:\/\/zwischenraum-rheydt.de\/wp-content\/uploads\/2020\/02\/wfmg-snip-1-300x94.png 300w\" sizes=\"(max-width: 342px) 100vw, 342px\" \/><\/figure>\n\n\n\n<blockquote class=\"wp-block-quote\"><p> Freiberufler, Kleinunternehmer oder K\u00fcnstler k\u00f6nnen sich dort in zentraler Lage untereinander st\u00e4rken und vernetzen. Durch die ansprechende Gestaltung bieten sich die R\u00e4ume auch f\u00fcr anspruchsvolle Veranstaltungen an. Bisher wird das Angebot insbesondere von Kunstschaffenden rege genutzt.&nbsp; <\/p><cite><a href=\"https:\/\/www.wfmg.de\/februar-2020\/\" target=\"_blank\" rel=\"noreferrer noopener\" aria-label=\" (\u00f6ffnet in neuem Tab)\">Zum Newsletter Februar 2020 mit diesem Artikel<\/a><\/cite><\/blockquote>\n\n\n\n<hr class=\"wp-block-separator\"\/>\n\n\n\n<figure class=\"wp-block-image size-large\"><img loading=\"lazy\" width=\"674\" height=\"133\" src=\"https:\/\/zwischenraum-rheydt.de\/wp-content\/uploads\/2020\/02\/lokalbote-snip-neu-2.png\" alt=\"\" class=\"wp-image-450\" srcset=\"https:\/\/zwischenraum-rheydt.de\/wp-content\/uploads\/2020\/02\/lokalbote-snip-neu-2.png 674w, https:\/\/zwischenraum-rheydt.de\/wp-content\/uploads\/2020\/02\/lokalbote-snip-neu-2-300x59.png 300w\" sizes=\"(max-width: 674px) 100vw, 674px\" \/><\/figure>\n\n\n\n<blockquote class=\"wp-block-quote\"><p>Bei der Vernissage am Samstag zeigten sich die Besucher &#8230; sehr interessiert, emotionale Hintergr\u00fcnde und weitere Details zu den abstrakten Motiven der ausgestellten Werke direkt vom c\/o-mg K\u00fcnstler zu erfahren.<\/p><cite><a href=\"https:\/\/www.der-lokalbote.de\/index.php?id=27&amp;no_cache=1&amp;tx_ttnews%5Btt_news%5D=4668&amp;cHash=a5b528b847ad22addcb6e8b718bb0d61\" target=\"_blank\" rel=\"noreferrer noopener\" aria-label=\" (\u00f6ffnet in neuem Tab)\">zum Artikel<\/a><\/cite><\/blockquote>\n\n\n\n<hr class=\"wp-block-separator\"\/>\n\n\n\n<figure class=\"wp-block-image size-large\"><img loading=\"lazy\" width=\"372\" height=\"158\" src=\"https:\/\/zwischenraum-rheydt.de\/wp-content\/uploads\/2020\/02\/tempsnip-co-mg-1.png\" alt=\"\" class=\"wp-image-379\" srcset=\"https:\/\/zwischenraum-rheydt.de\/wp-content\/uploads\/2020\/02\/tempsnip-co-mg-1.png 372w, https:\/\/zwischenraum-rheydt.de\/wp-content\/uploads\/2020\/02\/tempsnip-co-mg-1-300x127.png 300w\" sizes=\"(max-width: 372px) 100vw, 372px\" \/><\/figure>\n\n\n\n<blockquote class=\"wp-block-quote\"><p> &#8230; Ausstellung von Benedict A. Johnson im Atrium des ZwischenRaum in der Hauptpassage &#8230; Bilder des c\/o K\u00fcnstlers waren zuletzt beim parc\/ours zu sehen &#8230;<\/p><cite><a href=\"http:\/\/www.co-mg.de\/benedict-a-johnson-in-rheydt\/\" target=\"_blank\" rel=\"noreferrer noopener\" aria-label=\" (\u00f6ffnet in neuem Tab)\">Zu co-mg<\/a><\/cite><\/blockquote>\n\n\n\n<hr class=\"wp-block-separator\"\/>\n\n\n\n<figure class=\"wp-block-image size-large\"><img loading=\"lazy\" width=\"674\" height=\"133\" src=\"https:\/\/zwischenraum-rheydt.de\/wp-content\/uploads\/2020\/02\/lokalbote-snip-neu-3.png\" alt=\"\" class=\"wp-image-451\" srcset=\"https:\/\/zwischenraum-rheydt.de\/wp-content\/uploads\/2020\/02\/lokalbote-snip-neu-3.png 674w, https:\/\/zwischenraum-rheydt.de\/wp-content\/uploads\/2020\/02\/lokalbote-snip-neu-3-300x59.png 300w\" sizes=\"(max-width: 674px) 100vw, 674px\" \/><\/figure>\n\n\n\n<blockquote class=\"wp-block-quote\"><p>Der c\/o-mg K\u00fcnstler Benedict Johnson stellt im Dezember Werke seiner abstrakten Kunst in M\u00f6nchengladbach Rheydt in der Hauptpassage aus.<\/p><cite><a href=\"https:\/\/www.der-lokalbote.de\/index.php?id=43&amp;tx_ttnews%5Btt_news%5D=4572&amp;cHash=84ebc1f09e701b2cae63b60f68894bd8\" target=\"_blank\" rel=\"noreferrer noopener\" aria-label=\" (\u00f6ffnet in neuem Tab)\">Zum Artikel<\/a><\/cite><\/blockquote>\n\n\n\n<hr class=\"wp-block-separator\"\/>\n\n\n\n<figure class=\"wp-block-image size-large\"><img loading=\"lazy\" width=\"309\" height=\"163\" src=\"https:\/\/zwischenraum-rheydt.de\/wp-content\/uploads\/2020\/02\/rp-logo-1.png\" alt=\"\" class=\"wp-image-282\" srcset=\"https:\/\/zwischenraum-rheydt.de\/wp-content\/uploads\/2020\/02\/rp-logo-1.png 309w, https:\/\/zwischenraum-rheydt.de\/wp-content\/uploads\/2020\/02\/rp-logo-1-300x158.png 300w\" sizes=\"(max-width: 309px) 100vw, 309px\" \/><\/figure>\n\n\n\n<blockquote class=\"wp-block-quote\"><p> \u2026 In ihrer Vision sehen Schlee und Wateler vor allem  <\/p><p>Kleinunternehmer, Vereine, Freiberufler, Kunstschaffende, die oft zu Hause arbeiten, sich aber dank des Angebots in der Stadt gegenseitig st\u00e4rken und dar\u00fcber auch die mit Leerstand k\u00e4mpfende Innenstadt nach vorne bringen sollen\u2026<\/p><cite><a href=\"https:\/\/rp-online.de\/nrw\/staedte\/moenchengladbach\/kultur\/moenchengladbach-raeume-fuer-kreatives-arbeiten-im-leerstand-rheydt_aid-46188199\" target=\"_blank\" rel=\"noreferrer noopener\" aria-label=\" (\u00f6ffnet in neuem Tab)\">Zum Artikel<\/a><\/cite><\/blockquote>\n\n\n\n<hr class=\"wp-block-separator\"\/>\n\n\n\n<figure class=\"wp-block-image size-large\"><img loading=\"lazy\" width=\"674\" height=\"133\" src=\"https:\/\/zwischenraum-rheydt.de\/wp-content\/uploads\/2020\/02\/lokalbote-snip-neu-4.png\" alt=\"\" class=\"wp-image-452\" srcset=\"https:\/\/zwischenraum-rheydt.de\/wp-content\/uploads\/2020\/02\/lokalbote-snip-neu-4.png 674w, https:\/\/zwischenraum-rheydt.de\/wp-content\/uploads\/2020\/02\/lokalbote-snip-neu-4-300x59.png 300w\" sizes=\"(max-width: 674px) 100vw, 674px\" \/><\/figure>\n\n\n\n<blockquote class=\"wp-block-quote\"><p> \u2026 Das Abenteuer hat begonnen. <\/p><p>Die beiden engagierten Betreiber arbeiten vision\u00e4r und mit konkreten Zielen \u2026 <\/p><cite><a href=\"https:\/\/www.der-lokalbote.de\/index.php?id=27&amp;no_cache=1&amp;tx_ttnews%5Btt_news%5D=4119&amp;cHash=5b114ceca7ff6b3e2be0f261490bd17e\" target=\"_blank\" rel=\"noreferrer noopener\" aria-label=\" (\u00f6ffnet in neuem Tab)\">Zum Artikel<\/a><\/cite><\/blockquote>\n\n\n\n<hr class=\"wp-block-separator\"\/>\n\n\n\n<figure class=\"wp-block-image size-large\"><img loading=\"lazy\" width=\"400\" height=\"130\" src=\"https:\/\/zwischenraum-rheydt.de\/wp-content\/uploads\/2020\/02\/mg-heute.jpg\" alt=\"\" class=\"wp-image-343\" srcset=\"https:\/\/zwischenraum-rheydt.de\/wp-content\/uploads\/2020\/02\/mg-heute.jpg 400w, https:\/\/zwischenraum-rheydt.de\/wp-content\/uploads\/2020\/02\/mg-heute-300x98.jpg 300w\" sizes=\"(max-width: 400px) 100vw, 400px\" \/><\/figure>\n\n\n\n<blockquote class=\"wp-block-quote\"><p> \u2026Im ZWISCHENRAUM k\u00f6nnen Schreibtische, R\u00e4umlichkeiten und Ausstellungsfl\u00e4chen flexibel gebucht werden,  <\/p><p>WLAN, Teek\u00fcche, Drucker, Beamer sowie Pr\u00e4sentations- und Besprechungsraum sind vorhanden.<\/p><p>Durch die k\u00fcnstlerische Gestaltung bieten sich die R\u00e4ume auch f\u00fcr anspruchsvolle Veranstaltungen an\u2026 <\/p><cite><a href=\"https:\/\/mg-heute.de\/68573\/zwischenraum-eroeffnet-in-der-hauptpassage-rheydt\/\" target=\"_blank\" rel=\"noreferrer noopener\" aria-label=\" (\u00f6ffnet in neuem Tab)\">Zum Artikel<\/a><\/cite><\/blockquote>\n\n\n\n<hr class=\"wp-block-separator\"\/>\n\n\n\n<figure class=\"wp-block-image size-large\"><img loading=\"lazy\" width=\"400\" height=\"164\" src=\"https:\/\/zwischenraum-rheydt.de\/wp-content\/uploads\/2020\/02\/extra-tipp.jpg\" alt=\"\" class=\"wp-image-339\" srcset=\"https:\/\/zwischenraum-rheydt.de\/wp-content\/uploads\/2020\/02\/extra-tipp.jpg 400w, https:\/\/zwischenraum-rheydt.de\/wp-content\/uploads\/2020\/02\/extra-tipp-300x123.jpg 300w\" sizes=\"(max-width: 400px) 100vw, 400px\" \/><\/figure>\n\n\n\n<blockquote class=\"wp-block-quote\"><p> \u2026 Impulse f\u00fcr die Weiterentwicklung von Rheydts Zentrum geben \u2026 <\/p><cite><a href=\"https:\/\/secure.wi-paper.de\/book\/read\/id\/0002C3D5A9CD1484\" target=\"_blank\" rel=\"noreferrer noopener\" aria-label=\" (\u00f6ffnet in neuem Tab)\">Zum Artikel<\/a><\/cite><\/blockquote>\n\n\n\n<hr class=\"wp-block-separator\"\/>\n\n\n\n<figure class=\"wp-block-image size-large\"><img loading=\"lazy\" width=\"674\" height=\"133\" src=\"https:\/\/zwischenraum-rheydt.de\/wp-content\/uploads\/2020\/02\/lokalbote-snip-neu-5.png\" alt=\"\" class=\"wp-image-453\" srcset=\"https:\/\/zwischenraum-rheydt.de\/wp-content\/uploads\/2020\/02\/lokalbote-snip-neu-5.png 674w, https:\/\/zwischenraum-rheydt.de\/wp-content\/uploads\/2020\/02\/lokalbote-snip-neu-5-300x59.png 300w\" sizes=\"(max-width: 674px) 100vw, 674px\" \/><\/figure>\n\n\n\n<blockquote class=\"wp-block-quote\"><p>Rheydt stirbt aus. \u00dcberall Leerstand. Die Hauptstra\u00dfe ist tot. Immer mehr Gesch\u00e4fte geben auf. \u2013<\/p><p>Diesen Negativmeldungen in der Rheydter City wollen Ulrich Wateler und Christoph Schlee etwas entgegensetzen\u2026<\/p><cite><a href=\"https:\/\/www.der-lokalbote.de\/index.php?id=27&amp;no_cache=1&amp;tx_ttnews%5Btt_news%5D=4030&amp;cHash=c2bd1a1c8742594d8db75662f1af0822\" target=\"_blank\" rel=\"noreferrer noopener\" aria-label=\" (\u00f6ffnet in neuem Tab)\">Zum Artikel<\/a><\/cite><\/blockquote>\n","protected":false},"excerpt":{"rendered":"<p>Rheydt lebt ist die Devise. Und Ulrich Wateler will es mit seinem Projekt &#8222;Zwischenraum&#8220; auch beweisen .. Zum Artikel &#8230; Aber 2022 ist ein entscheidendes Jahr f\u00fcr die Zukunft des Projektes !!! Der ZWISCHENRAUM RHEYDT braucht Hilfe, die hohen Kosten&hellip; <a href=\"https:\/\/zwischenraum-rheydt.de\/index.php\/stimmen-der-medien\/\" class=\"more-link\">Weiterlesen <span class=\"meta-nav\">&rarr;<\/span><\/a><\/p>\n","protected":false},"author":1,"featured_media":0,"parent":0,"menu_order":0,"comment_status":"closed","ping_status":"closed","template":"","meta":[],"yoast_head":"<!-- This site is optimized with the Yoast SEO plugin v19.3 - https:\/\/yoast.com\/wordpress\/plugins\/seo\/ -->\n<title>Stimmen der Medien - Zwischenraum Rheydt<\/title>\n<meta name=\"robots\" content=\"index, follow, max-snippet:-1, max-image-preview:large, max-video-preview:-1\" \/>\n<link rel=\"canonical\" href=\"https:\/\/zwischenraum-rheydt.de\/index.php\/stimmen-der-medien\/\" \/>\n<meta property=\"og:locale\" content=\"de_DE\" \/>\n<meta property=\"og:type\" content=\"article\" \/>\n<meta property=\"og:title\" content=\"Stimmen der Medien - Zwischenraum Rheydt\" \/>\n<meta property=\"og:description\" content=\"Rheydt lebt ist die Devise. Und Ulrich Wateler will es mit seinem Projekt &#8222;Zwischenraum&#8220; auch beweisen .. Zum Artikel &#8230; Aber 2022 ist ein entscheidendes Jahr f\u00fcr die Zukunft des Projektes !!! Der ZWISCHENRAUM RHEYDT braucht Hilfe, die hohen Kosten&hellip; Weiterlesen &rarr;\" \/>\n<meta property=\"og:url\" content=\"https:\/\/zwischenraum-rheydt.de\/index.php\/stimmen-der-medien\/\" \/>\n<meta property=\"og:site_name\" content=\"Zwischenraum Rheydt\" \/>\n<meta property=\"article:modified_time\" content=\"2022-03-25T08:22:48+00:00\" \/>\n<meta property=\"og:image\" content=\"https:\/\/zwischenraum-rheydt.de\/wp-content\/uploads\/2020\/04\/rp-logo.png\" \/>\n<meta name=\"twitter:card\" content=\"summary_large_image\" \/>\n<meta name=\"twitter:label1\" content=\"Gesch\u00e4tzte Lesezeit\" \/>\n\t<meta name=\"twitter:data1\" content=\"6\u00a0Minuten\" \/>\n<script type=\"application\/ld+json\" class=\"yoast-schema-graph\">{\"@context\":\"https:\/\/schema.org\",\"@graph\":[{\"@type\":\"Organization\",\"@id\":\"https:\/\/zwischenraum-rheydt.de\/#organization\",\"name\":\"matchingGenerations GmbH & Co. KG\",\"url\":\"https:\/\/zwischenraum-rheydt.de\/\",\"sameAs\":[],\"logo\":{\"@type\":\"ImageObject\",\"inLanguage\":\"de\",\"@id\":\"https:\/\/zwischenraum-rheydt.de\/#\/schema\/logo\/image\/\",\"url\":\"https:\/\/zwischenraum-rheydt.de\/wp-content\/uploads\/2020\/01\/logo-zr-neu.png\",\"contentUrl\":\"https:\/\/zwischenraum-rheydt.de\/wp-content\/uploads\/2020\/01\/logo-zr-neu.png\",\"width\":975,\"height\":319,\"caption\":\"matchingGenerations GmbH & Co. KG\"},\"image\":{\"@id\":\"https:\/\/zwischenraum-rheydt.de\/#\/schema\/logo\/image\/\"}},{\"@type\":\"WebSite\",\"@id\":\"https:\/\/zwischenraum-rheydt.de\/#website\",\"url\":\"https:\/\/zwischenraum-rheydt.de\/\",\"name\":\"Zwischenraum Rheydt\",\"description\":\"\",\"publisher\":{\"@id\":\"https:\/\/zwischenraum-rheydt.de\/#organization\"},\"potentialAction\":[{\"@type\":\"SearchAction\",\"target\":{\"@type\":\"EntryPoint\",\"urlTemplate\":\"https:\/\/zwischenraum-rheydt.de\/?s={search_term_string}\"},\"query-input\":\"required name=search_term_string\"}],\"inLanguage\":\"de\"},{\"@type\":\"ImageObject\",\"inLanguage\":\"de\",\"@id\":\"https:\/\/zwischenraum-rheydt.de\/index.php\/stimmen-der-medien\/#primaryimage\",\"url\":\"https:\/\/zwischenraum-rheydt.de\/wp-content\/uploads\/2020\/04\/rp-logo.png\",\"contentUrl\":\"https:\/\/zwischenraum-rheydt.de\/wp-content\/uploads\/2020\/04\/rp-logo.png\",\"width\":309,\"height\":163},{\"@type\":\"WebPage\",\"@id\":\"https:\/\/zwischenraum-rheydt.de\/index.php\/stimmen-der-medien\/\",\"url\":\"https:\/\/zwischenraum-rheydt.de\/index.php\/stimmen-der-medien\/\",\"name\":\"Stimmen der Medien - Zwischenraum Rheydt\",\"isPartOf\":{\"@id\":\"https:\/\/zwischenraum-rheydt.de\/#website\"},\"primaryImageOfPage\":{\"@id\":\"https:\/\/zwischenraum-rheydt.de\/index.php\/stimmen-der-medien\/#primaryimage\"},\"datePublished\":\"2020-01-21T13:18:15+00:00\",\"dateModified\":\"2022-03-25T08:22:48+00:00\",\"breadcrumb\":{\"@id\":\"https:\/\/zwischenraum-rheydt.de\/index.php\/stimmen-der-medien\/#breadcrumb\"},\"inLanguage\":\"de\",\"potentialAction\":[{\"@type\":\"ReadAction\",\"target\":[\"https:\/\/zwischenraum-rheydt.de\/index.php\/stimmen-der-medien\/\"]}]},{\"@type\":\"BreadcrumbList\",\"@id\":\"https:\/\/zwischenraum-rheydt.de\/index.php\/stimmen-der-medien\/#breadcrumb\",\"itemListElement\":[{\"@type\":\"ListItem\",\"position\":1,\"name\":\"Startseite\",\"item\":\"https:\/\/zwischenraum-rheydt.de\/\"},{\"@type\":\"ListItem\",\"position\":2,\"name\":\"Stimmen der Medien\"}]}]}<\/script>\n<!-- \/ Yoast SEO plugin. -->","yoast_head_json":{"title":"Stimmen der Medien - Zwischenraum Rheydt","robots":{"index":"index","follow":"follow","max-snippet":"max-snippet:-1","max-image-preview":"max-image-preview:large","max-video-preview":"max-video-preview:-1"},"canonical":"https:\/\/zwischenraum-rheydt.de\/index.php\/stimmen-der-medien\/","og_locale":"de_DE","og_type":"article","og_title":"Stimmen der Medien - Zwischenraum Rheydt","og_description":"Rheydt lebt ist die Devise. Und Ulrich Wateler will es mit seinem Projekt &#8222;Zwischenraum&#8220; auch beweisen .. Zum Artikel &#8230; Aber 2022 ist ein entscheidendes Jahr f\u00fcr die Zukunft des Projektes !!! Der ZWISCHENRAUM RHEYDT braucht Hilfe, die hohen Kosten&hellip; Weiterlesen &rarr;","og_url":"https:\/\/zwischenraum-rheydt.de\/index.php\/stimmen-der-medien\/","og_site_name":"Zwischenraum Rheydt","article_modified_time":"2022-03-25T08:22:48+00:00","og_image":[{"url":"https:\/\/zwischenraum-rheydt.de\/wp-content\/uploads\/2020\/04\/rp-logo.png"}],"twitter_card":"summary_large_image","twitter_misc":{"Gesch\u00e4tzte Lesezeit":"6\u00a0Minuten"},"schema":{"@context":"https:\/\/schema.org","@graph":[{"@type":"Organization","@id":"https:\/\/zwischenraum-rheydt.de\/#organization","name":"matchingGenerations GmbH & Co. KG","url":"https:\/\/zwischenraum-rheydt.de\/","sameAs":[],"logo":{"@type":"ImageObject","inLanguage":"de","@id":"https:\/\/zwischenraum-rheydt.de\/#\/schema\/logo\/image\/","url":"https:\/\/zwischenraum-rheydt.de\/wp-content\/uploads\/2020\/01\/logo-zr-neu.png","contentUrl":"https:\/\/zwischenraum-rheydt.de\/wp-content\/uploads\/2020\/01\/logo-zr-neu.png","width":975,"height":319,"caption":"matchingGenerations GmbH & Co. KG"},"image":{"@id":"https:\/\/zwischenraum-rheydt.de\/#\/schema\/logo\/image\/"}},{"@type":"WebSite","@id":"https:\/\/zwischenraum-rheydt.de\/#website","url":"https:\/\/zwischenraum-rheydt.de\/","name":"Zwischenraum Rheydt","description":"","publisher":{"@id":"https:\/\/zwischenraum-rheydt.de\/#organization"},"potentialAction":[{"@type":"SearchAction","target":{"@type":"EntryPoint","urlTemplate":"https:\/\/zwischenraum-rheydt.de\/?s={search_term_string}"},"query-input":"required name=search_term_string"}],"inLanguage":"de"},{"@type":"ImageObject","inLanguage":"de","@id":"https:\/\/zwischenraum-rheydt.de\/index.php\/stimmen-der-medien\/#primaryimage","url":"https:\/\/zwischenraum-rheydt.de\/wp-content\/uploads\/2020\/04\/rp-logo.png","contentUrl":"https:\/\/zwischenraum-rheydt.de\/wp-content\/uploads\/2020\/04\/rp-logo.png","width":309,"height":163},{"@type":"WebPage","@id":"https:\/\/zwischenraum-rheydt.de\/index.php\/stimmen-der-medien\/","url":"https:\/\/zwischenraum-rheydt.de\/index.php\/stimmen-der-medien\/","name":"Stimmen der Medien - Zwischenraum Rheydt","isPartOf":{"@id":"https:\/\/zwischenraum-rheydt.de\/#website"},"primaryImageOfPage":{"@id":"https:\/\/zwischenraum-rheydt.de\/index.php\/stimmen-der-medien\/#primaryimage"},"datePublished":"2020-01-21T13:18:15+00:00","dateModified":"2022-03-25T08:22:48+00:00","breadcrumb":{"@id":"https:\/\/zwischenraum-rheydt.de\/index.php\/stimmen-der-medien\/#breadcrumb"},"inLanguage":"de","potentialAction":[{"@type":"ReadAction","target":["https:\/\/zwischenraum-rheydt.de\/index.php\/stimmen-der-medien\/"]}]},{"@type":"BreadcrumbList","@id":"https:\/\/zwischenraum-rheydt.de\/index.php\/stimmen-der-medien\/#breadcrumb","itemListElement":[{"@type":"ListItem","position":1,"name":"Startseite","item":"https:\/\/zwischenraum-rheydt.de\/"},{"@type":"ListItem","position":2,"name":"Stimmen der Medien"}]}]}},"_links":{"self":[{"href":"https:\/\/zwischenraum-rheydt.de\/index.php\/wp-json\/wp\/v2\/pages\/28"}],"collection":[{"href":"https:\/\/zwischenraum-rheydt.de\/index.php\/wp-json\/wp\/v2\/pages"}],"about":[{"href":"https:\/\/zwischenraum-rheydt.de\/index.php\/wp-json\/wp\/v2\/types\/page"}],"author":[{"embeddable":true,"href":"https:\/\/zwischenraum-rheydt.de\/index.php\/wp-json\/wp\/v2\/users\/1"}],"replies":[{"embeddable":true,"href":"https:\/\/zwischenraum-rheydt.de\/index.php\/wp-json\/wp\/v2\/comments?post=28"}],"version-history":[{"count":27,"href":"https:\/\/zwischenraum-rheydt.de\/index.php\/wp-json\/wp\/v2\/pages\/28\/revisions"}],"predecessor-version":[{"id":1166,"href":"https:\/\/zwischenraum-rheydt.de\/index.php\/wp-json\/wp\/v2\/pages\/28\/revisions\/1166"}],"wp:attachment":[{"href":"https:\/\/zwischenraum-rheydt.de\/index.php\/wp-json\/wp\/v2\/media?parent=28"}],"curies":[{"name":"wp","href":"https:\/\/api.w.org\/{rel}","templated":true}]}}